[{"command":"settings","settings":{"basePath":"\/","pathPrefix":"es\/","ajaxPageState":{"theme":"andes","theme_token":"IWmxjgjdCLaphxfeRwHGQtxvQKd6WZeZdoWwONdvtAs"},"googleCSE":{"cx":" 018231938674625582243:tt02vbvfjo8","language":"","resultsWidth":600,"domain":"www.google.com","showWaterMark":0},"CToolsModal":{"modalSize":{"type":"scale","width":".9","height":".9","addWidth":0,"addHeight":0,"contentRight":25,"contentBottom":75},"modalOptions":{"opacity":".55","background-color":"#FFF"},"animationSpeed":"fast","modalTheme":"CToolsModalDialog","throbberTheme":"CToolsModalThrobber"},"panopoly_magic":{"pane_add_preview_mode":"single"}},"merge":true},{"command":"insert","method":"replaceWith","selector":"section.content","data":"\u003Csection id=\u0027informaci\u00f3n-general-4\u0027class=\u0027content\u0027\u003E\u003Ch1 id=\u0027node-4021\u0027 class=\u0027content-item\u0027\u003EInformaci\u00f3n General\u003C\/h1\u003E\u003Cp style=\u0022text-align:center\u0022\u003E\u003Cimg alt=\u0022\u0022 height=\u0022800\u0022 src=\u0022\/sites\/default\/files\/programas\/pregrado\/PregradoElectronica.jpg\u0022 width=\u00221000\u0022 \/\u003E\u003C\/p\u003E\r\n\r\n\u003Cp\u003E\u0026nbsp;\u003C\/p\u003E\r\n\r\n\u003Cp\u003E\u003Cspan style=\u0022color:#032394;\u0022\u003E\u003Cstrong\u003EElectronic Engineering program is accredited by the Engineering Accreditation Commission of ABET\u003C\/strong\u003E,\u0026nbsp;\u003C\/span\u003E\u003Cu\u003E\u003Cstrong\u003E\u003Ca href=\u0022http:\/\/www.abet.org\/\u0022\u003E\u003Cspan style=\u0022color:#032394;\u0022\u003Ehttp:\/\/www.abet.org\/\u003C\/span\u003E\u003C\/a\u003E\u0026nbsp;\u0026nbsp;\u003C\/strong\u003E\u003C\/u\u003E\u003C\/p\u003E\r\n\r\n\u003Cp\u003E\u0026nbsp;\u003C\/p\u003E\r\n\r\n\u003Cdiv class=\u0022btn-group btn-group-sm\u0022\u003E\u003Cspan style=\u0022width:20px; height:7px;\u0022\u003E\u003Ca class=\u0022btn btn-default btn-sm\u0022 href=\u0022https:\/\/electricayelectronica.uniandes.edu.co\/sites\/default\/files\/programas\/pregrado\/folleto-pregrado-electr\u00f3nica.pdf\u0022 style=\u0022background: #032394; color: #FFFFFF; border-color: #032394;margin-right: 1rem;\u0022\u003E\u003Cspan style=\u0022font-size:16px;\u0022\u003EDescarga el folleto del programa aqu\u00ed\u003C\/span\u003E\u003C\/a\u003E\u003C\/span\u003E\u003C\/div\u003E\r\n\r\n\u003Cp\u003E\u0026nbsp;\u003C\/p\u003E\r\n\r\n\u003Cdiv class=\u0022panel-group\u0022 id=\u0022accordion\u0022\u003E\r\n\u003Cdiv class=\u0022panel panel-default\u0022\u003E\r\n\u003Cdiv class=\u0022panel-heading\u0022\u003E\r\n\u003Ch4 class=\u0022panel-title\u0022\u003E\u003Ca data-parent=\u0022#accordion\u0022 data-toggle=\u0022collapse\u0022 href=\u0022#collapse1\u0022\u003E\u003Cstrong\u003E\u003Cspan style=\u0022color:#032394;\u0022\u003EPerfil del aspirante\u003C\/span\u003E\u003C\/strong\u003E\u003C\/a\u003E\u003C\/h4\u003E\r\n\u003C\/div\u003E\r\n\r\n\u003Cdiv class=\u0022panel-collapse collapse\u0022 id=\u0022collapse1\u0022\u003E\r\n\u003Cdiv class=\u0022panel-body\u0022\u003E\r\n\u003Cp class=\u0022rtejustify\u0022\u003EEl aspirante a Ingenier\u00eda Electr\u00f3nica de la Universidad de los Andes se caracteriza por su gusto por la ciencia, la tecnolog\u00eda y sus aplicaciones, adem\u00e1s de un marcado inter\u00e9s por conocer y explorar los cambios y la innovaci\u00f3n en este campo. Es una persona creativa, curiosa y anal\u00edtica. Al aspirante a ingenier\u00eda Electr\u00f3nica de la Universidad de los Andes le atrae esta carrera por que aprender\u00e1 a solucionar problemas con tecnolog\u00eda y por la posibilidad de crear nuevos productos. Le interesan \u00e1reas como la rob\u00f3tica y automatizaci\u00f3n, las telecomunicaciones, las micro y las nanotecnolog\u00edas.\u003C\/p\u003E\r\n\u003C\/div\u003E\r\n\u003C\/div\u003E\r\n\u003C\/div\u003E\r\n\r\n\u003Cdiv class=\u0022panel panel-default\u0022\u003E\r\n\u003Cdiv class=\u0022panel-heading\u0022\u003E\r\n\u003Ch4 class=\u0022panel-title\u0022\u003E\u003Ca data-parent=\u0022#accordion\u0022 data-toggle=\u0022collapse\u0022 href=\u0022#collapse2\u0022\u003E\u003Cstrong\u003E\u003Cspan style=\u0022color:color:#032394; \u0022\u003EPerfil profesional\u003C\/span\u003E\u003C\/strong\u003E\u003C\/a\u003E\u003C\/h4\u003E\r\n\u003C\/div\u003E\r\n\r\n\u003Cdiv class=\u0022panel-collapse collapse\u0022 id=\u0022collapse2\u0022\u003E\r\n\u003Cdiv class=\u0022panel-body\u0022\u003E\r\n\u003Cp class=\u0022rtejustify\u0022\u003EEl Ingeniero Electr\u00f3nico UNIANDINO se destaca por su capacidad de investigaci\u00f3n y en la apropiaci\u00f3n, aplicaci\u00f3n y desarrollo de t\u00e9cnicas y tecnolog\u00edas para el dise\u00f1o de sistemas electr\u00f3nicos y de comunicaciones, desarrollo de sistemas de instrumentaci\u00f3n, tratamiento de se\u00f1ales, bioingenier\u00eda, automatizaci\u00f3n industrial y microelectr\u00f3nica. Especialmente concentra su acci\u00f3n en el dise\u00f1o y producci\u00f3n de dispositivos, circuitos y sistemas electr\u00f3nicos para ser utilizados en \u00e1reas productivas y de servicio.\u003C\/p\u003E\r\n\u003C\/div\u003E\r\n\u003C\/div\u003E\r\n\u003C\/div\u003E\r\n\r\n\u003Cdiv class=\u0022panel panel-default\u0022\u003E\r\n\u003Cdiv class=\u0022panel-heading\u0022\u003E\r\n\u003Ch4 class=\u0022panel-title\u0022\u003E\u003Ca data-parent=\u0022#accordion\u0022 data-toggle=\u0022collapse\u0022 href=\u0022#collapse4\u0022\u003E\u003Cstrong\u003E\u003Cspan style=\u0022color:#032394;\u0022\u003EObjetivos educativos y competencias del programa\u003C\/span\u003E\u003C\/strong\u003E\u003C\/a\u003E\u003C\/h4\u003E\r\n\u003C\/div\u003E\r\n\r\n\u003Cdiv class=\u0022panel-collapse collapse\u0022 id=\u0022collapse4\u0022\u003E\r\n\u003Cdiv class=\u0022panel-body\u0022\u003E\r\n\u003Ch4 style=\u0022color:#032396;\u0022\u003EObjetivos Educativos del Programa\u003C\/h4\u003E\r\n\r\n\u003Ch4 style=\u0022color:#032394;\u0022\u003EComo individuo\u003C\/h4\u003E\r\n\r\n\u003Cp class=\u0022rtejustify\u0022\u003ENuestros Ingenieros El\u00e9ctricos y Electr\u00f3nicos tendr\u00e1n responsabilidad \u00e9tica, profesional y ambiental con la sociedad, a trav\u00e9s del desarrollo de pensamiento sist\u00e9mico y cr\u00edtico en el an\u00e1lisis de su entorno.\u003C\/p\u003E\r\n\r\n\u003Ch4 style=\u0022color:#032394;\u0022\u003EComo ingeniero El\u00e9ctrico\/Electr\u00f3nico\u003C\/h4\u003E\r\n\r\n\u003Cp class=\u0022rtejustify\u0022\u003ENuestros Ingenieros El\u00e9ctricos e Ingenieros Electr\u00f3nicos tendr\u00e1n competencias que les permitir\u00e1n desarrollar soluciones desde la ingenier\u00eda el\u00e9ctrica (electr\u00f3nica) que generen riqueza y bienestar social incorporando el estado del arte en su disciplina y aprovechando oportunidades de innovaci\u00f3n, con autonom\u00eda y capacidad de aprendizaje continuo.\u003C\/p\u003E\r\n\r\n\u003Ch4 style=\u0022color:#032394;\u0022\u003EComo ingeniero en la Sociedad\u003C\/h4\u003E\r\n\r\n\u003Cp class=\u0022rtejustify\u0022\u003ENuestros Ingenieros El\u00e9ctricos e Ingenieros Electr\u00f3nicos tendr\u00e1n la capacidad de participar eficazmente en un marco interdisciplinario, para solucionar problemas de la sociedad.\u003C\/p\u003E\r\n\r\n\u003Ch4 style=\u0022color:#032394;\u0022\u003ECompetencias\u003C\/h4\u003E\r\n\r\n\u003Cp\u003E\u0026nbsp;\u003C\/p\u003E\r\n\r\n\u003Cp\u003EEl programa de Ingenier\u00eda Electr\u00f3nica de la Universidad de los Andes busca que al terminar el plan de estudios propuesto en el programa de pregrado sus estudiantes hayan desarrollado:\u003C\/p\u003E\r\n\r\n\u003Cp\u003E1. \u0026nbsp; \u0026nbsp;Habilidades para identificar, formular y resolver problemas complejos de ingenier\u00eda, aplicando principios de ciencias, matem\u00e1ticas e ingenier\u00eda\u003C\/p\u003E\r\n\r\n\u003Cp\u003E2. \u0026nbsp; \u0026nbsp;Habilidades para aplicar el dise\u00f1o de ingenier\u00eda en la generaci\u00f3n de soluciones que cumplan necesidades espec\u00edficas y consideren elementos de salud p\u00fablica, seguridad y bienestar, as\u00ed como factores globales, culturales, sociales, medioambientales y econ\u00f3micos.\u003C\/p\u003E\r\n\r\n\u003Cp\u003E3. \u0026nbsp; \u0026nbsp;Habilidades para comunicarse efectivamente con un amplio rango de audiencias.\u003C\/p\u003E\r\n\r\n\u003Cp\u003E4. \u0026nbsp; \u0026nbsp;Habilidades para reconocer su responsabilidad \u00e9tica y profesional en situaciones de la ingenier\u00eda, adem\u00e1s de realizar evaluaciones cr\u00edticas, considerando el impacto de las soluciones de ingenier\u00eda en contextos globales, econ\u00f3micos, medioambientales y de la sociedad.\u003C\/p\u003E\r\n\r\n\u003Cp\u003E5. \u0026nbsp; \u0026nbsp;Habilidades para trabajar efectivamente en equipos cuyos miembros en conjunto aporten liderazgo, creen ambientes colaborativos e incluyentes, establezcan metas, planeen tareas y cumplan objetivos.\u003C\/p\u003E\r\n\r\n\u003Cp\u003E6. \u0026nbsp; \u0026nbsp;Habilidades para dise\u00f1ar y conducir experimentos apropiados, para analizar e interpretar datos y para utilizar criterios de ingenier\u00eda para generar conclusiones. \u0026nbsp;\u003C\/p\u003E\r\n\r\n\u003Cp\u003E7. \u0026nbsp; \u0026nbsp;Habilidades para adquirir y aplicar nuevos conocimientos seg\u00fan sea necesario, utilizando estrategias de aprendizaje apropiadas.\u003C\/p\u003E\r\n\r\n\u003Cp\u003E8. \u0026nbsp; \u0026nbsp;Capacidad para identificar oportunidades de mercado en cadenas de valor utilizando estrategias de creatividad, innovaci\u00f3n o emprendimiento.\u003C\/p\u003E\r\n\u003C\/div\u003E\r\n\u003C\/div\u003E\r\n\u003C\/div\u003E\r\n\r\n\u003Cdiv style=\u0022position: relative; padding-bottom: 56.25%; padding-top: 0; height: 0;\u0022\u003E\u003Ciframe allowfullscreen=\u0022true\u0022 allownetworking=\u0022all\u0022 allowscriptaccess=\u0022always\u0022 frameborder=\u00220\u0022 height=\u0022675\u0022 scrolling=\u0022yes\u0022 src=\u0022https:\/\/view.genially.com\/68e3f08d17d5fcd6584cb9e7\/interactive-content-ingenieria-electronica\u0022 style=\u0022position: absolute; top: 0; left: 0; width: 100%; height: 100%;\u0022 title=\u0022ABET - ELECTR\u00d3NICA\u0022 type=\u0022text\/html\u0022 width=\u00221200\u0022\u003E\u003C\/iframe\u003E\u003C\/div\u003E\r\n\u003C\/div\u003E\r\n\r\n\u003Cp\u003E\u0026nbsp;\u003C\/p\u003E\r\n\u003C\/section\u003E","settings":null}]